{"id":295,"date":"2012-11-09T09:38:03","date_gmt":"2012-11-09T09:38:03","guid":{"rendered":"https:\/\/crs.hi.is\/?page_id=295"},"modified":"2024-06-21T15:02:59","modified_gmt":"2024-06-21T15:02:59","slug":"events","status":"publish","type":"page","link":"https:\/\/crs.hi.is\/?page_id=295","title":{"rendered":"Events"},"content":{"rendered":"<p><strong>Relevant events in Iceland:<\/strong><strong>\u00a0<\/strong><strong>\u00a0 \u00a0 \u00a0 \u00a0 \u00a0<\/strong><strong>\u00a0\u00a0<\/strong><strong>\u00a0\u00a0<\/strong><\/p>\n<p>&nbsp;<\/p>\n<p><strong>Relevant events arranged outside Iceland\u00a0<\/strong><\/p>\n<p>&nbsp;<\/p>\n<p><strong>Past events in Iceland:<\/strong><\/p>\n<ul>\n<li>21 March, 2024: 12:30-13:00, Hybrid (Askja 367 and online)\u00a0 \u00a0 \u00a0 \u00a0 \u00a0 \u00a0 \u00a0 \u00a0 \u00a0 \u00a0 \u00a0 \u00a0 \u00a0 \u00a0 <strong>\u00a0Gu\u00f0mundur Valsson\u00a0<\/strong> \u00a0 \u00a0 \u00a0 \u00a0 \u00a0 \u00a0 \u00a0 \u00a0 \u00a0 \u00a0 \u00a0 \u00a0 \u00a0 \u00a0 \u00a0 \u00a0 \u00a0 \u00a0 \u00a0 \u00a0 \u00a0 \u00a0 \u00a0 \u00a0 \u00a0 \u00a0 \u00a0 \u00a0 \u00a0 \u00a0 \u00a0 \u00a0 \u00a0 \u00a0 \u00a0 \u00a0 \u00a0 \u00a0 \u00a0 \u00a0 \u00a0 \u00a0 \u00a0 \u00a0 \u00a0<strong>How the ongoing Reykjanes unrest affect the\u00a0 Reference systems, Datum and Geoid in Iceland.<\/strong><\/li>\n<li>15 February, 2024: 13:00-16:00, Fenjam\u00fdri\u00a0 \u00a0 \u00a0 \u00a0 \u00a0 \u00a0 \u00a0 \u00a0 \u00a0 \u00a0 \u00a0 \u00a0 \u00a0 \u00a0 \u00a0 \u00a0 \u00a0 \u00a0 \u00a0 \u00a0 \u00a0 \u00a0 \u00a0 \u00a0 \u00a0 \u00a0 \u00a0 \u00a0 <strong>Community workshop:\u00a0Storage, processing and HPC: IREI and UTS meet with the remote sensing community.<\/strong><\/li>\n<li>30 November, 2023: 12:30-13:00, Hybrid (Askja 367 and online)\u00a0 \u00a0 \u00a0 \u00a0 \u00a0 \u00a0 \u00a0 \u00a0 \u00a0 \u00a0 \u00a0 <strong>Angel Ruiz Angulo\u00a0 \u00a0 \u00a0 \u00a0 \u00a0 \u00a0 \u00a0 \u00a0 \u00a0 \u00a0 \u00a0 \u00a0 \u00a0 \u00a0 \u00a0 \u00a0 \u00a0 \u00a0 \u00a0 \u00a0 \u00a0 \u00a0 \u00a0 \u00a0 \u00a0 \u00a0 \u00a0 \u00a0 \u00a0 \u00a0 \u00a0 \u00a0 \u00a0 \u00a0 \u00a0 \u00a0 \u00a0 \u00a0 \u00a0 \u00a0 \u00a0\u00a0 <a href=\"https:\/\/english.hi.is\/events\/monitoring_marine_heat_waves_mhw_around_iceland_using_copernicus_marine_service_products\">Monitoring Marine Heat Waves (MHW) around Iceland using Copernicus Marine Service products<\/a><\/strong><\/li>\n<li>28 November, 2023: 13-16, University of Iceland, Ceremonial Hall<br \/>\n<h1><a href=\"https:\/\/english.hi.is\/events\/information_technology_for_scientific_research_icelandic_research_e_infrastructure_irei\">Information technology for scientific research &#8211; Icelandic research e-infrastructure, IREI<\/a><\/h1>\n<\/li>\n<li>26 October, 2023: 12:30-13:00, Hybrid (Askja 367 and online)\u00a0 \u00a0 \u00a0 \u00a0 \u00a0 \u00a0 \u00a0 \u00a0 \u00a0 \u00a0 \u00a0 <a href=\"https:\/\/english.hi.is\/events\/new_techniques_in_processing_stereo_imagery_for_quantifying_landscape_changes_in_iceland\">\u00a0<strong>Sydney Gunnarsson and Joaquin Belart\u00a0 \u00a0 \u00a0 \u00a0 \u00a0 \u00a0 \u00a0 \u00a0 \u00a0 \u00a0 \u00a0 \u00a0 \u00a0 \u00a0 \u00a0 \u00a0 \u00a0 \u00a0 \u00a0 \u00a0 \u00a0 \u00a0 \u00a0 \u00a0 \u00a0 \u00a0 \u00a0 \u00a0New techniques in processing of stereo imagery for quantifying landscape changes in Iceland<\/strong><\/a><\/li>\n<li>19 October, 2023: 12:30-13:00, Hybrid (To be determined and online)\u00a0 \u00a0 \u00a0 \u00a0 \u00a0 <a href=\"https:\/\/english.hi.is\/events\/ksats_multi_mission_products_and_services_monitoring_earth_from_above\">\u00a0<strong>Martin Skedsmo\u00a0 \u00a0 \u00a0 \u00a0 \u00a0 \u00a0 \u00a0 \u00a0 \u00a0 \u00a0 \u00a0 \u00a0 \u00a0 \u00a0 \u00a0 \u00a0 \u00a0 \u00a0 \u00a0 \u00a0 \u00a0 \u00a0 \u00a0 \u00a0 \u00a0 \u00a0 \u00a0 \u00a0 \u00a0 \u00a0 \u00a0 \u00a0 \u00a0 \u00a0 \u00a0 \u00a0 \u00a0 \u00a0 \u00a0 \u00a0 \u00a0 \u00a0 \u00a0 \u00a0 \u00a0 \u00a0KSAT&#8217;s multi-mission products and services \u2013 monitoring earth from above\u201d<\/strong><\/a><\/li>\n<li>21 September, 2023 12:30-13:00, Online\u00a0 \u00a0 \u00a0 \u00a0 \u00a0 \u00a0 \u00a0 \u00a0 \u00a0 \u00a0 \u00a0 \u00a0 \u00a0 \u00a0 \u00a0 \u00a0 \u00a0 \u00a0 \u00a0 \u00a0 \u00a0 \u00a0 \u00a0 \u00a0 \u00a0 \u00a0 \u00a0 \u00a0 \u00a0 \u00a0 \u00a0 \u00a0 \u00a0 <strong>Kristine Engemann Jensen\u00a0 \u00a0 \u00a0 \u00a0 \u00a0 \u00a0 \u00a0 \u00a0 \u00a0 \u00a0 \u00a0 \u00a0 \u00a0 \u00a0 \u00a0 \u00a0 \u00a0 \u00a0 \u00a0 \u00a0 \u00a0 \u00a0 \u00a0 \u00a0 \u00a0 \u00a0 \u00a0 \u00a0 \u00a0 \u00a0 \u00a0 \u00a0 \u00a0 \u00a0 \u00a0 \u00a0 \u00a0Nature, Mental Health and Urban Planning: Using Remote Sensing for healthier cities<\/strong><\/li>\n<li>14 September 2023, 13-16 (Askja 367)\u00a0 \u00a0 \u00a0 \u00a0 \u00a0 \u00a0 \u00a0 \u00a0 \u00a0 \u00a0 \u00a0 \u00a0 \u00a0 \u00a0 \u00a0 \u00a0 \u00a0 \u00a0 \u00a0 \u00a0 \u00a0 \u00a0 \u00a0 \u00a0 \u00a0 \u00a0 \u00a0 \u00a0 <strong>Remote Sensing Society: Autumn conference<\/strong><\/li>\n<li>13 September 2023, 15:00-15:50 (Askja 131)<br \/>\n<h1>Dr. Ji\u0159\u00ed P\u00e1nek\u00a0 \u00a0 \u00a0 \u00a0 \u00a0 \u00a0 \u00a0 \u00a0 \u00a0 \u00a0 \u00a0 \u00a0 \u00a0 \u00a0 \u00a0 \u00a0 \u00a0 \u00a0 \u00a0 \u00a0 \u00a0 \u00a0 \u00a0 \u00a0 \u00a0 \u00a0 \u00a0 \u00a0 \u00a0 \u00a0 \u00a0 \u00a0 \u00a0 \u00a0 \u00a0 \u00a0 \u00a0 \u00a0 \u00a0 \u00a0 \u00a0 \u00a0 \u00a0 \u00a0 \u00a0 \u00a0 \u00a0 Mapping population assessment of natural hazards: An experiment with Paper2GIS in a field course in Iceland<\/h1>\n<\/li>\n<li>8 September, 2023 12:30, Hybrid (Askja 367 and online)\u00a0 \u00a0 \u00a0 \u00a0 \u00a0 \u00a0 \u00a0 \u00a0 \u00a0 \u00a0 \u00a0 \u00a0 \u00a0 \u00a0 \u00a0 \u00a0 <strong>Simon Van Gennip (Oceanographer, Mercator-Ocean International, France) The Copernicus Marine Service: present and future plans<\/strong><\/li>\n<li>5 September, 2023 12:30, Hybrid (Askja 367 and online)\u00a0 \u00a0 \u00a0 \u00a0 \u00a0 \u00a0 \u00a0 \u00a0 \u00a0 \u00a0 \u00a0 \u00a0 \u00a0 \u00a0 \u00a0 \u00a0 \u00a0 \u00a0 <strong>Dr.\u00a0 John Lodise\u00a0 \u00a0 \u00a0 \u00a0 \u00a0 \u00a0 \u00a0 \u00a0 \u00a0 \u00a0 \u00a0 \u00a0 \u00a0 \u00a0 \u00a0 \u00a0 \u00a0 \u00a0 \u00a0 \u00a0 \u00a0 \u00a0 \u00a0 \u00a0 \u00a0 \u00a0 \u00a0 \u00a0 \u00a0 \u00a0 \u00a0 \u00a0 \u00a0 \u00a0 \u00a0 \u00a0 \u00a0 \u00a0 \u00a0 \u00a0 \u00a0Observations of wave fields under Extratropical Cyclones: satellite altimetry, drifting wave-buoys, and autonomous surface vehicles<\/strong><\/li>\n<li>4 September, 2023: 12:30-13:00, Hybrid (Askja 367 and online)\u00a0 \u00a0 \u00a0 \u00a0 \u00a0 \u00a0 \u00a0 \u00a0 \u00a0 \u00a0 \u00a0 \u00a0 \u00a0 <a href=\"https:\/\/english.hi.is\/events\/hydrography90m_pushing_the_boundaries_of_computational_hydrology\"><strong>Dr. Giuseppe Amatulli\u00a0 \u00a0 \u00a0 \u00a0 \u00a0 \u00a0 \u00a0 \u00a0 \u00a0 \u00a0 \u00a0 \u00a0 \u00a0 \u00a0 \u00a0 \u00a0 \u00a0 \u00a0 \u00a0 \u00a0 \u00a0 \u00a0 \u00a0 \u00a0 \u00a0 \u00a0 \u00a0 \u00a0 \u00a0 \u00a0 \u00a0 \u00a0 \u00a0 \u00a0 \u00a0 \u00a0 Hydrography90m: pushing the boundaries of computational hydrology<\/strong><\/a><\/li>\n<li>1 September, 2023: 14:30-16:30, Askja 132\u00a0 \u00a0 \u00a0 \u00a0 \u00a0 \u00a0 \u00a0 \u00a0 \u00a0 \u00a0 \u00a0 \u00a0 \u00a0 \u00a0 \u00a0 \u00a0 \u00a0 \u00a0 \u00a0 \u00a0 \u00a0 \u00a0 \u00a0 \u00a0 \u00a0 \u00a0 \u00a0 <a href=\"https:\/\/ugla.hi.is\/vidburdir\/SkodaVidburd.php?sid=1448&amp;vidburdur_id=8516\">\u00a0<strong>PhD defense by Darri Ey\u00fe\u00f3rsson\u00a0 \u00a0 \u00a0 \u00a0 \u00a0 \u00a0 \u00a0 \u00a0 \u00a0 \u00a0 \u00a0 \u00a0 \u00a0 \u00a0 \u00a0 \u00a0 \u00a0 \u00a0 \u00a0 \u00a0 \u00a0 \u00a0 \u00a0 \u00a0 \u00a0 \u00a0 \u00a0 \u00a0 \u00a0 Historical and future trends in global snow conditions \u2013 observed by remote sensing and forecasted by spatio-temporal modelling<\/strong><\/a><\/li>\n<li>31 August, 2023: 16:00 &#8211; 18:00, Hybrid (Askja N-132 and online)\u00a0 \u00a0 \u00a0 \u00a0 \u00a0 \u00a0 \u00a0 \u00a0 \u00a0 <a href=\"https:\/\/english.hi.is\/news\/travelling_back_in_time_over_iceland_with_a_new_online_web_map_of_historical_images\"><strong>Opnun \u00e1 n\u00fdrri vefsj\u00e1 &#8220;Loftmyndasj\u00e1&#8221; \/ Invitation: Opening of new webmap &#8220;Loftmyndasj\u00e1&#8221;<\/strong><\/a><\/li>\n<li>8 June, 2023: 12:30 &#8211; 13:15, Hybrid ( Askja 367 + online)\u00a0 \u00a0 \u00a0 \u00a0 \u00a0 \u00a0 \u00a0 \u00a0 \u00a0 \u00a0 \u00a0 \u00a0 \u00a0 \u00a0 <strong>Eyj\u00f3lfur Magn\u00fasson\u00a0 \u00a0 \u00a0 \u00a0 \u00a0 \u00a0 \u00a0 \u00a0 \u00a0 \u00a0 \u00a0 \u00a0 \u00a0 \u00a0 \u00a0 \u00a0 \u00a0 \u00a0 \u00a0 \u00a0 \u00a0 \u00a0 \u00a0 \u00a0 \u00a0 \u00a0 \u00a0 \u00a0 \u00a0 \u00a0 \u00a0 \u00a0 \u00a0 \u00a0 \u00a0 \u00a0 \u00a0 \u00a0 \u00a0 \u00a0 \u00a0 \u00a0 \u00a0 \u00a0 \u00a0 \u00a0The development of j\u00f6kulhlaups revealed with remote sensing and field observations of glacier motion. Case study from the Gr\u00edmsv\u00f6tn j\u00f6kulhlaups, Vatnaj\u00f6kull ice cap, in 2021 and 2022<\/strong><\/li>\n<li>11 May, 2023: 12:30-13:15, Online\u00a0 \u00a0 \u00a0 \u00a0 \u00a0 \u00a0 \u00a0 \u00a0 \u00a0 \u00a0 \u00a0 \u00a0 \u00a0 \u00a0 \u00a0 \u00a0 \u00a0 \u00a0 \u00a0 \u00a0 \u00a0 \u00a0 \u00a0 \u00a0 \u00a0 \u00a0 \u00a0 \u00a0 \u00a0 \u00a0 \u00a0 \u00a0 \u00a0 \u00a0 \u00a0 \u00a0 \u00a0 \u00a0 \u00a0<strong>Amer \u00a0Delilbasic<\/strong>\u00a0 \u00a0 \u00a0 \u00a0 \u00a0 \u00a0 <b>\u00a0 \u00a0 \u00a0 \u00a0 \u00a0\u00a0<\/b><em><b>\u00a0 \u00a0 \u00a0 \u00a0 \u00a0 \u00a0 \u00a0 \u00a0 \u00a0 \u00a0 \u00a0 \u00a0 \u00a0 \u00a0 \u00a0 \u00a0 \u00a0 \u00a0 \u00a0 \u00a0 \u00a0 \u00a0 \u00a0 \u00a0 \u00a0 \u00a0 \u00a0 \u00a0 \u00a0 \u00a0 \u00a0 \u00a0 \u00a0 \u00a0 Quantum Computing: Challenges and Opportunities for Remote Sensing<\/b><\/em><\/li>\n<li>4 May, 2023: 13:00 &#8211; 15:00, Aula, Main building at University of Iceland\u00a0 \u00a0 \u00a0 \u00a0 <a href=\"https:\/\/english.hi.is\/events\/doctoral_defense_in_computational_engineering_rocco_sedona\"><strong>Rocco Sedona<\/strong>\u00a0 \u00a0 \u00a0 \u00a0 \u00a0 \u00a0 \u00a0 \u00a0 \u00a0 \u00a0 \u00a0 \u00a0 \u00a0 \u00a0 \u00a0 \u00a0 \u00a0 \u00a0 \u00a0 \u00a0 \u00a0 \u00a0 \u00a0 \u00a0 \u00a0 \u00a0 \u00a0 \u00a0 \u00a0 \u00a0 \u00a0 \u00a0 \u00a0 \u00a0 \u00a0 \u00a0 \u00a0 \u00a0 \u00a0 \u00a0 \u00a0 \u00a0 \u00a0 \u00a0 \u00a0 \u00a0 \u00a0 <strong>Scalable Deep Learning for Remote Sensing with High Performance Computing\u00a0<\/strong><\/a><\/li>\n<li>24 November, 2022: 12:30-13:15, Online only<br \/>\n<a href=\"https:\/\/english.hi.is\/events\/remote_sensing_and_proximal_sensing_of_crop_traits\" target=\"_blank\" rel=\"noopener\"><strong>Georg Bareth, Professor for Geoinformatics, University of Cologne<\/strong><\/a><br \/>\n<strong>Remote Sensing and Proximal Sensing of Crop Traits<\/strong><\/li>\n<li>10 November, 2022: 12:30-13:15, Askja room 128, University of Iceland and Online<br \/>\n<strong><strong><a href=\"https:\/\/english.hi.is\/events\/from_iceland_to_the_moon_mars_beyond\" target=\"_blank\" rel=\"noopener\">Daniel Leeb, Founding partner and Executive Mission Director at the\u00a0 Iceland Space Agency<\/a><br \/>\n<\/strong><\/strong><a style=\"font-weight: bold;\" href=\"https:\/\/english.hi.is\/events\/from_iceland_to_the_moon_mars_beyond\" target=\"_blank\" rel=\"noopener\">From Iceland to the Moon, Mars &amp; beyond<\/a><\/li>\n<li>19 May, 2022: Online\u00a0 \u00a0 \u00a0 \u00a0 \u00a0 \u00a0 \u00a0 \u00a0 \u00a0 \u00a0 \u00a0 \u00a0 \u00a0 \u00a0 \u00a0 \u00a0 \u00a0 \u00a0 \u00a0 \u00a0 \u00a0 \u00a0 \u00a0 \u00a0 \u00a0 \u00a0 \u00a0 \u00a0 \u00a0 \u00a0 \u00a0 \u00a0 \u00a0 \u00a0 \u00a0 \u00a0 \u00a0 \u00a0 \u00a0 \u00a0 \u00a0 \u00a0 \u00a0 \u00a0 \u00a0 \u00a0 \u00a0 \u00a0 <strong>Juliane Bendig\u00a0 \u00a0 \u00a0 \u00a0 \u00a0 \u00a0 \u00a0 \u00a0 \u00a0 \u00a0 \u00a0 \u00a0 \u00a0 \u00a0 \u00a0 \u00a0 \u00a0 \u00a0 \u00a0 \u00a0 \u00a0 \u00a0 \u00a0 \u00a0 \u00a0 \u00a0 \u00a0 \u00a0 \u00a0 \u00a0 \u00a0 \u00a0 \u00a0 \u00a0 \u00a0 \u00a0 \u00a0 \u00a0 \u00a0 \u00a0 \u00a0 \u00a0 \u00a0 \u00a0 \u00a0 \u00a0 \u00a0 \u00a0 \u00a0 \u00a0 Remote sensing of vegetation using the plant\u2019s glow: solar-induced chlorophyll fluorescence<\/strong><\/li>\n<li>28 April, 2022: Online <strong>\u00a0 \u00a0 \u00a0 \u00a0 \u00a0 \u00a0 \u00a0 \u00a0 \u00a0 \u00a0 \u00a0 \u00a0 \u00a0 \u00a0 \u00a0 \u00a0 \u00a0 \u00a0 \u00a0 \u00a0 \u00a0 \u00a0 \u00a0 \u00a0 \u00a0 \u00a0 \u00a0 \u00a0 \u00a0 \u00a0 \u00a0 \u00a0 \u00a0 \u00a0 \u00a0 \u00a0 \u00a0 \u00a0 \u00a0 \u00a0 \u00a0 \u00a0 \u00a0 \u00a0 \u00a0 \u00a0 Sharma Surbhi, PhD student\u00a0 \u00a0 \u00a0 \u00a0 \u00a0 \u00a0 \u00a0 \u00a0 \u00a0 \u00a0 \u00a0 \u00a0 \u00a0 \u00a0 \u00a0 \u00a0 \u00a0 \u00a0 \u00a0 \u00a0 \u00a0 \u00a0 \u00a0 \u00a0 \u00a0 \u00a0 \u00a0 \u00a0 \u00a0 \u00a0 \u00a0 \u00a0 \u00a0 \u00a0 \u00a0 \u00a0 \u00a0 \u00a0 \u00a0 \u00a0 \u00a0 <\/strong><strong>Few-shot Remote Sensing Classification with Meta-Learning: Challenges and Opportunities<\/strong><\/li>\n<li>7 April,\u00a0 2022: Online <strong>\u00a0 \u00a0 \u00a0 \u00a0 \u00a0 \u00a0 \u00a0 \u00a0 \u00a0 \u00a0 \u00a0 \u00a0 \u00a0 \u00a0 \u00a0 \u00a0 \u00a0 \u00a0 \u00a0 \u00a0 \u00a0 \u00a0 \u00a0 \u00a0 \u00a0 \u00a0 \u00a0 \u00a0 \u00a0 \u00a0 \u00a0 \u00a0 \u00a0 \u00a0 \u00a0 \u00a0 \u00a0 \u00a0 \u00a0 \u00a0 \u00a0 \u00a0 \u00a0 \u00a0 \u00a0 \u00a0 \u00a0 \u00a0 <a href=\"https:\/\/www.youtube.com\/watch?v=DrwByNVnv2s\">Rocco Sedona, PhD student\u00a0 \u00a0 \u00a0 \u00a0 \u00a0 \u00a0 \u00a0 \u00a0 \u00a0 \u00a0 \u00a0 \u00a0 \u00a0 \u00a0 \u00a0 \u00a0 \u00a0 \u00a0 \u00a0 \u00a0 \u00a0 \u00a0 \u00a0 \u00a0 \u00a0 \u00a0 \u00a0 \u00a0 \u00a0 \u00a0 \u00a0 \u00a0 \u00a0 \u00a0 \u00a0 \u00a0 \u00a0 \u00a0 Towards a scalable framework for frequent update of land cover maps<\/a><\/strong><\/li>\n<li>24 February, 2022: Online\u00a0<strong> \u00a0 \u00a0 \u00a0 \u00a0 \u00a0 \u00a0 \u00a0 \u00a0 \u00a0 \u00a0 \u00a0 \u00a0 \u00a0 \u00a0 \u00a0 \u00a0 \u00a0 \u00a0 \u00a0 \u00a0 \u00a0 \u00a0 \u00a0 \u00a0 \u00a0 \u00a0 \u00a0 \u00a0 \u00a0 \u00a0 \u00a0 \u00a0 \u00a0 \u00a0 \u00a0 \u00a0 \u00a0 \u00a0 \u00a0 \u00a0 \u00a0 \u00a0 \u00a0 \u00a0 <a href=\"https:\/\/www.youtube.com\/watch?v=TB-b2F7MCL4\">Peder Klith B\u00f8cher, Scalable Algorithmics &#8211; SCALGO\u00a0 \u00a0 \u00a0 \u00a0 \u00a0 \u00a0 \u00a0 \u00a0 \u00a0 \u00a0 \u00a0 \u00a0 \u00a0 \u00a0 \u00a0 \u00a0 \u00a0 SCALGO Live &#8211; a new tool for exploring terrain data and flood modeling on Iceland<\/a><\/strong><\/li>\n<li>23 February, 2022.\u00a0 \u00a0 \u00a0 \u00a0 \u00a0 \u00a0\u00a0<strong>\u00a0 \u00a0 \u00a0 \u00a0 \u00a0 \u00a0 \u00a0 \u00a0 \u00a0 \u00a0 \u00a0 \u00a0 \u00a0 \u00a0 \u00a0 \u00a0 \u00a0 \u00a0 \u00a0 \u00a0 \u00a0 \u00a0 \u00a0 \u00a0 \u00a0 \u00a0 \u00a0 \u00a0 \u00a0 \u00a0 \u00a0 \u00a0 \u00a0 \u00a0 \u00a0 \u00a0 \u00a0 \u00a0 \u00a0 \u00a0 \u00a0 \u00a0 \u00a0 \u00a0 \u00a0 HPC Workshop<\/strong><\/li>\n<li>20 January, 2022: Online\u00a0<strong> \u00a0 \u00a0 \u00a0 \u00a0 \u00a0 \u00a0 \u00a0 \u00a0 \u00a0 \u00a0 \u00a0 \u00a0 \u00a0 \u00a0 \u00a0 \u00a0 \u00a0 \u00a0 \u00a0 \u00a0 \u00a0 \u00a0 \u00a0 \u00a0 \u00a0 \u00a0 \u00a0 \u00a0 \u00a0 \u00a0 \u00a0 \u00a0 \u00a0 \u00a0 \u00a0 \u00a0 \u00a0 \u00a0 \u00a0 \u00a0 \u00a0 \u00a0 \u00a0 \u00a0 <a href=\"https:\/\/www.youtube.com\/watch?v=1kMhL2qJ2cU\">Simon Hennig, AIRBUS \u00a0 \u00a0 \u00a0 \u00a0 \u00a0 \u00a0 \u00a0 \u00a0 \u00a0 \u00a0 \u00a0 \u00a0 \u00a0 \u00a0 \u00a0 \u00a0 \u00a0 \u00a0 \u00a0 \u00a0 \u00a0 \u00a0 \u00a0 \u00a0 \u00a0 \u00a0 \u00a0 \u00a0 \u00a0 \u00a0 \u00a0 \u00a0 \u00a0 \u00a0 \u00a0 \u00a0 \u00a0 \u00a0 \u00a0 \u00a0 \u00a0 \u00a0 \u00a0 \u00a0 \u00a0 Many worlds from above: an overview of the Airbus satellite EO Satellite fleet<\/a><\/strong><\/li>\n<li>18 November 12:30-13:00. Online, University of Iceland\u00a0 \u00a0 \u00a0 \u00a0 \u00a0 \u00a0 \u00a0 \u00a0 \u00a0 \u00a0 \u00a0 \u00a0 \u00a0 \u00a0 \u00a0 \u00a0 \u00a0 \u00a0 \u00a0 \u00a0 \u00a0 \u00a0 \u00a0 <a href=\"https:\/\/www.youtube.com\/watch?v=khWiRkx6too\"><strong>Birgir V. \u00d3skarsson, The Institute of Natural Science in Iceland \u00a0 \u00a0 \u00a0 \u00a0 \u00a0 \u00a0 \u00a0 \u00a0 \u00a0 \u00a0 \u00a0 \u00a0 \u00a0 \u00a03D<b>\u00a0mapping and photo-geology at the Icelandic Institute of Natural History<\/b><\/strong><\/a><\/li>\n<li>21 October 12:30-13:00. Online, University of Iceland \u00a0 \u00a0 \u00a0 \u00a0 \u00a0 \u00a0 \u00a0 \u00a0 \u00a0 \u00a0 \u00a0 \u00a0 \u00a0 \u00a0 \u00a0 \u00a0 \u00a0 \u00a0 \u00a0 \u00a0 \u00a0 \u00a0 \u00a0 <a href=\"https:\/\/www.youtube.com\/watch?v=s2Srd8BUbMg\">\u00a0\u00a0<strong>Gunnar Haukur Kristinsson, National Land Survey of Iceland \u00a0 \u00a0 \u00a0 \u00a0 \u00a0 \u00a0 \u00a0 \u00a0 \u00a0 \u00a0 \u00a0 \u00a0\u00a0Status and access of<span class=\"apple-converted-space\">\u00a0<\/span>airborne, satellite and drone imagery<span class=\"apple-converted-space\">\u00a0<\/span>of Iceland<\/strong><\/a><\/li>\n<li>26 &#8211; 28 August 2020 \u00a0 \u00a0 \u00a0 \u00a0 \u00a0 \u00a0 \u00a0 \u00a0 \u00a0 \u00a0 \u00a0 \u00a0 \u00a0 \u00a0 \u00a0 \u00a0 \u00a0 \u00a0 \u00a0 \u00a0 \u00a0 \u00a0 \u00a0 \u00a0 \u00a0 \u00a0 \u00a0 \u00a0 \u00a0 \u00a0 \u00a0 \u00a0 \u00a0 \u00a0 \u00a0 \u00a0 \u00a0 \u00a0 \u00a0 \u00a0 \u00a0 \u00a0 \u00a0 \u00a0 \u00a0 \u00a0 \u00a0<strong>Working meeting to make your existing research data findable via B2FIND<\/strong><br \/>\n<strong>(with Claudia Martens from DKRZ\/EUDAT)\u00a0\u00a0<\/strong><\/li>\n<li>17 February 12:30-15, Askja room 103, University of Iceland \u00a0 \u00a0 \u00a0 \u00a0 \u00a0 \u00a0 \u00a0 \u00a0 \u00a0 \u00a0 \u00a0 \u00a0 \u00a0 \u00a0 \u00a0 \u00a0 \u00a0 \u00a0 \u00a0 \u00a0 <a href=\"https:\/\/hi.cloud.panopto.eu\/Panopto\/Pages\/Viewer.aspx?id=b7729081-0df0-4aea-879d-ab6400b29597\"><strong>Outi Meinander, Finnish Meteorological Institute, Finland \u00a0 \u00a0 \u00a0 \u00a0 \u00a0 \u00a0 \u00a0 \u00a0 \u00a0 \u00a0 \u00a0 \u00a0 \u00a0 \u00a0<span class=\"\">Light absorbing impurities in the Arctic cryosphere and effects on albedo \u2013 an introduction to the topic with practical examples<\/span>\u00a0<\/strong><\/a><\/li>\n<li>13 February 12:30-113:20, Askja room 357, University of Iceland \u00a0 \u00a0 \u00a0 \u00a0 \u00a0 \u00a0 \u00a0 \u00a0 \u00a0 \u00a0\u00a0<a href=\"https:\/\/hi.cloud.panopto.eu\/Panopto\/Pages\/Viewer.aspx?id=232d6a91-17dc-4ba1-8fd1-ab5f00baeaff\"><strong>Vincent Drouin, ISOR \u00a0 \u00a0 \u00a0 \u00a0 \u00a0 \u00a0 \u00a0 \u00a0 \u00a0 \u00a0 \u00a0 \u00a0 \u00a0 \u00a0 \u00a0 \u00a0 \u00a0 \u00a0 \u00a0 \u00a0 \u00a0 \u00a0 \u00a0 \u00a0 \u00a0 \u00a0 \u00a0 \u00a0 \u00a0 \u00a0 \u00a0 \u00a0 \u00a0 \u00a0 \u00a0 \u00a0 \u00a0 \u00a0 \u00a0 \u00a0 \u00a0 \u00a0 \u00a0InSAR: Interferometric Synthetic Aperture Radar. How and what for?<\/strong><\/a><\/li>\n<li>30 January 2020 12:30-13:30 \u00a0 \u00a0 \u00a0 \u00a0 \u00a0 \u00a0 \u00a0 \u00a0 \u00a0 \u00a0 \u00a0 \u00a0 \u00a0 \u00a0 \u00a0 \u00a0 \u00a0 \u00a0 \u00a0 \u00a0 \u00a0 \u00a0 \u00a0 \u00a0 \u00a0 \u00a0 \u00a0 \u00a0 \u00a0 \u00a0 \u00a0 \u00a0 <strong>Muhammad Aufaristama \u00a0 \u00a0 \u00a0 \u00a0 \u00a0 \u00a0 \u00a0 \u00a0 \u00a0 \u00a0 \u00a0 \u00a0 \u00a0 \u00a0 \u00a0 \u00a0 \u00a0 \u00a0 \u00a0 \u00a0 \u00a0 \u00a0 \u00a0 \u00a0 \u00a0 \u00a0 \u00a0 \u00a0 \u00a0 \u00a0 \u00a0 \u00a0 \u00a0 \u00a0 \u00a0 \u00a0 \u00a0 <a href=\"https:\/\/hi.cloud.panopto.eu\/Panopto\/Pages\/Viewer.aspx?id=31671f6b-d799-4b16-a6a3-ab52009b4645\">Deriving physical properties from volcanic products using multi remote sensing techniques and datasets<\/a><\/strong><\/li>\n<li>5 December\u00a02019, Gimli room 102, 12:00-13:00<strong>\u00a0<\/strong><strong><br \/>\nEyj\u00f3lfur Magn\u00fasson \u00a0 \u00a0 \u00a0 \u00a0 \u00a0 \u00a0 \u00a0 \u00a0 \u00a0 \u00a0 \u00a0 \u00a0 \u00a0 \u00a0 \u00a0 \u00a0 \u00a0 \u00a0 \u00a0 \u00a0 \u00a0 \u00a0 \u00a0 \u00a0 \u00a0 \u00a0 \u00a0 \u00a0 \u00a0 \u00a0 \u00a0 \u00a0 \u00a0 \u00a0 \u00a0 \u00a0 \u00a0 \u00a0 \u00a0 \u00a0 \u00a0 \u00a0 \u00a0 \u00a0 \u00a0 \u00a0 <a href=\"https:\/\/hi.cloud.panopto.eu\/Panopto\/Pages\/Viewer.aspx?id=a48521e2-2efa-4417-8523-ab1700af38c7\">Remote sensing of glaciers applying various different sensors. Case studies M\u00fdrdalsj\u00f6kull from and Vatnaj\u00f6kull ice caps \u00a0<\/a><\/strong><\/li>\n<li>21 November 2019, Askja room 367, 12:00-13:00<strong>\u00a0<\/strong><br \/>\n<strong>Darri Ey\u00fe\u00f3rsson \u00a0 \u00a0 \u00a0 \u00a0 \u00a0 \u00a0 \u00a0 \u00a0 \u00a0 \u00a0 \u00a0 \u00a0 \u00a0 \u00a0 \u00a0 \u00a0 \u00a0 \u00a0 \u00a0 \u00a0 \u00a0 \u00a0 \u00a0 \u00a0 \u00a0 \u00a0 \u00a0 \u00a0 \u00a0 \u00a0 \u00a0 \u00a0 \u00a0 \u00a0 \u00a0 \u00a0 \u00a0 \u00a0 \u00a0 \u00a0 \u00a0 \u00a0 \u00a0 \u00a0 \u00a0 \u00a0 <a href=\"https:\/\/hi.cloud.panopto.eu\/Panopto\/Pages\/Viewer.aspx?id=0b0f6507-eb45-47ff-b2ce-ab0c0085a68f\">Estimating changes to global snow resources using MODIS data in Google Earth Engine\u00a0<\/a><\/strong><\/li>\n<li>20 November 2019, H\u00e1ti\u00f0arsal, University of Iceland \u00a0 \u00a0 \u00a0 \u00a0 \u00a0 \u00a0 \u00a0 \u00a0 \u00a0 \u00a0 \u00a0 \u00a0 \u00a0 \u00a0 \u00a0 \u00a0 \u00a0 \u00a0 \u00a0 <strong>\u00a0Fjark\u00f6nnunarf\u00e9lag \u00cdslands\u00a0<\/strong><strong>Haustr\u00e1\u00f0stefna 2019 \u00a0<\/strong><\/li>\n<li>15 November 2019, \u00cdSOR, Grens\u00e1svegi 9, 9-17 \u00a0 \u00a0 \u00a0 \u00a0 \u00a0 \u00a0 \u00a0 \u00a0 \u00a0 \u00a0 \u00a0<strong>\u00a0 \u00a0 \u00a0 \u00a0 \u00a0 \u00a0 \u00a0 \u00a0 \u00a0 \u00a0 \u00a0<a href=\"http:\/\/www.jfi.is\">Icelandic\u00a0Geological Fall conference\u00a0<\/a><\/strong><\/li>\n<li>13 November 2019,\u00a0Sams\u00fdn, H\u00e1aleitisbraut 58-60, 2. floor, 10 &#8211; 12 \u00a0 \u00a0 \u00a0 \u00a0 \u00a0 \u00a0 \u00a0 \u00a0 \u00a0 \u00a0 \u00a0 \u00a0<strong>GIS Day<\/strong><\/li>\n<li>8 November 2019, Askja room 367, 12:30-13:30<strong>\u00a0 \u00a0 \u00a0 \u00a0 \u00a0 \u00a0 \u00a0 \u00a0 \u00a0 \u00a0 \u00a0 \u00a0 \u00a0 \u00a0 \u00a0 \u00a0 \u00a0 \u00a0 \u00a0 \u00a0 \u00a0 \u00a0 \u00a0 \u00a0 \u00a0 Alina Shevchenko \u00a0 \u00a0 \u00a0 \u00a0 \u00a0 \u00a0 \u00a0 \u00a0 \u00a0 \u00a0 \u00a0 \u00a0 \u00a0 \u00a0 \u00a0 \u00a0 \u00a0 \u00a0 \u00a0 \u00a0 \u00a0 \u00a0 \u00a0 \u00a0 \u00a0 \u00a0 \u00a0 \u00a0 \u00a0 \u00a0 \u00a0 \u00a0 \u00a0 \u00a0 \u00a0 \u00a0 \u00a0 \u00a0 \u00a0 \u00a0 \u00a0 \u00a0 \u00a0 \u00a0 \u00a0 \u00a0 Active volcanoes of Kamchatka: photogrammetric approach<\/strong><\/li>\n<li>7 November 2019, Gimli room 102, 12:00-13:00<strong>\u00a0 \u00a0 \u00a0 \u00a0 \u00a0 \u00a0 \u00a0 \u00a0 \u00a0 \u00a0 \u00a0 \u00a0 \u00a0 \u00a0 \u00a0 \u00a0 \u00a0 \u00a0 \u00a0 \u00a0 \u00a0 \u00a0 \u00a0 \u00a0 \u00a0 \u00a0Siqi Li \u00a0 \u00a0 \u00a0 \u00a0 \u00a0 \u00a0 \u00a0 \u00a0 \u00a0 \u00a0 \u00a0 \u00a0 \u00a0 \u00a0 \u00a0 \u00a0 \u00a0 \u00a0 \u00a0 \u00a0 \u00a0 \u00a0 \u00a0 \u00a0 \u00a0 \u00a0 \u00a0 \u00a0 \u00a0 \u00a0 \u00a0 \u00a0 \u00a0 \u00a0 \u00a0 \u00a0 \u00a0 \u00a0 \u00a0 \u00a0 \u00a0 \u00a0 \u00a0 \u00a0 \u00a0 \u00a0 \u00a0 <a href=\"https:\/\/hi.cloud.panopto.eu\/Panopto\/Pages\/Viewer.aspx?id=744da101-7193-4eb0-8902-aafd00939705\">Interferometric Synthetic Aperture Radar &#8211; monitoring ground deformation at volcanoes<\/a><\/strong><\/li>\n<li>24 October 2019, Askja room 367, 12:00-13:00<strong>\u00a0 \u00a0 \u00a0 \u00a0 \u00a0 \u00a0 \u00a0 \u00a0 \u00a0 \u00a0 \u00a0 \u00a0 \u00a0 \u00a0 \u00a0 \u00a0 \u00a0 \u00a0 \u00a0 \u00a0 \u00a0 \u00a0Kolbeinn \u00c1rnarsson \u00a0 \u00a0 \u00a0 \u00a0 \u00a0 \u00a0 \u00a0 \u00a0 \u00a0 \u00a0 \u00a0 \u00a0 \u00a0 \u00a0 \u00a0 \u00a0 \u00a0 \u00a0 \u00a0 \u00a0 \u00a0 \u00a0 \u00a0 \u00a0 \u00a0 \u00a0 \u00a0 \u00a0 \u00a0 \u00a0 \u00a0 \u00a0 \u00a0 \u00a0 \u00a0 \u00a0 \u00a0 \u00a0 \u00a0 \u00a0 \u00a0 \u00a0 \u00a0 \u00a0 \u00a0 \u00a0 \u00a0 <a href=\"https:\/\/hi.cloud.panopto.eu\/Panopto\/Pages\/Viewer.aspx?id=e6e337b2-0537-40b0-b2e7-aaee009edb7c\">A new aerial thermal scanner \u2013 technique for monitoring active volcanoes and geothermal areas<\/a><\/strong><\/li>\n<li>10 October 2019, Askja room 367, 12:00-13:00<strong>\u00a0 \u00a0 \u00a0 \u00a0 \u00a0 \u00a0 \u00a0 \u00a0 \u00a0 \u00a0 \u00a0 \u00a0 \u00a0 \u00a0 \u00a0 \u00a0 \u00a0 \u00a0 \u00a0 \u00a0 \u00a0 \u00a0 \u00a0Joaquin M.C. Belart \u00a0 \u00a0 \u00a0 \u00a0 \u00a0 \u00a0 \u00a0 \u00a0 \u00a0 \u00a0 \u00a0 \u00a0 \u00a0 \u00a0 \u00a0 \u00a0 \u00a0 \u00a0 \u00a0 \u00a0 \u00a0 \u00a0 \u00a0 \u00a0 \u00a0 \u00a0 \u00a0 \u00a0 \u00a0 \u00a0 \u00a0 \u00a0 \u00a0 \u00a0 \u00a0 \u00a0 \u00a0 \u00a0 \u00a0 \u00a0 <a href=\"https:\/\/hi.cloud.panopto.eu\/Panopto\/Pages\/Viewer.aspx?id=2bf9e9df-2a6c-4e9b-84d0-aae2009a0cbf\">IcelandDEM: a high resolution, accurate and country-wide mosaic of elevation in Iceland<\/a><\/strong><\/li>\n<li>3 October 2019, VR-II room 155: 12:20- 14:00\u00a0 \u00a0 \u00a0 \u00a0 \u00a0 \u00a0 \u00a0 \u00a0 \u00a0 \u00a0 \u00a0 \u00a0 \u00a0 \u00a0 \u00a0 \u00a0 \u00a0 \u00a0 \u00a0 \u00a0 \u00a0 \u00a0 \u00a0 \u00a0 \u00a0 \u00a0 \u00a0 \u00a0 \u00a0 \u00a0 <strong>Darri Ey\u00fe\u00f3rsson \u00a0 \u00a0 \u00a0 \u00a0 \u00a0 \u00a0 \u00a0 \u00a0 \u00a0 \u00a0 \u00a0 \u00a0 \u00a0 \u00a0 \u00a0 \u00a0 \u00a0 \u00a0 \u00a0 \u00a0 \u00a0 \u00a0 \u00a0 \u00a0 \u00a0 \u00a0 \u00a0 \u00a0 \u00a0 \u00a0 \u00a0 \u00a0 \u00a0 \u00a0 \u00a0 \u00a0 \u00a0 \u00a0 \u00a0 \u00a0 \u00a0 \u00a0 \u00a0 \u00a0 \u00a0 <a href=\"https:\/\/english.hi.is\/events\/midway_evaluation_in_environmental_engineering_darri_eythorsson\">Climate change impacts on snow resources<\/a><\/strong><\/li>\n<li>2 October 2019, T\u00e6knigar\u00f0ur room 227: 09:00 &#8211; 10:30\u00a0 \u00a0 \u00a0 \u00a0 \u00a0 \u00a0 \u00a0 \u00a0 \u00a0 \u00a0 \u00a0 \u00a0 \u00a0 \u00a0 \u00a0 \u00a0 \u00a0 \u00a0 \u00a0 \u00a0 \u00a0 \u00a0 <strong>Erwin Szudrawski\u00a0 \u00a0 \u00a0 \u00a0 \u00a0 \u00a0 \u00a0 \u00a0 \u00a0 \u00a0 \u00a0 \u00a0 \u00a0 \u00a0 \u00a0 \u00a0 \u00a0 \u00a0 \u00a0 \u00a0 \u00a0 \u00a0 \u00a0 \u00a0 \u00a0 \u00a0 \u00a0 \u00a0 \u00a0 \u00a0 \u00a0 \u00a0 \u00a0 \u00a0 \u00a0 \u00a0 \u00a0 \u00a0 \u00a0 \u00a0 \u00a0 <a href=\"https:\/\/english.hi.is\/events\/masters_lecture_in_software_engineering_erwin_szudrawski\">Generation of Training Data for Automatic Land Cover Classification with Machine Learning\u00a0<\/a> \u00a0 <\/strong><\/li>\n<li>11 September 2019,\u00a0 H\u00f3tel Natura\u00a0 \u00a0 \u00a0 \u00a0 \u00a0 \u00a0 \u00a0 \u00a0 \u00a0 \u00a0 \u00a0 \u00a0 \u00a0 \u00a0 \u00a0 \u00a0 \u00a0 \u00a0 \u00a0 \u00a0 \u00a0 \u00a0 \u00a0 \u00a0 \u00a0 \u00a0 \u00a0 \u00a0 \u00a0 \u00a0 \u00a0 \u00a0 \u00a0 \u00a0 \u00a0 \u00a0 <a href=\"http:\/\/www.samsyn.is\/single-post\/2019\/06\/04\/Arc\u00cds-R\u00e1\u00f0stefna-11-september?fbclid=IwAR3nW3bUTqGB2jiTT2qVgBtqn3tfl1SHbwBu4A09ITa4BYcO8U4Y8Ti7c5c\"><strong>ArcIs Conference<\/strong><\/a><\/li>\n<li>24 June 2019, Ver\u00f6ld (room 023) Vigd\u00eds&#8217; House, University of Iceland\u00a0 \u00a0 \u00a0 \u00a0 \u00a0 \u00a0 \u00a0 \u00a0 \u00a0 \u00a0 \u00a0 \u00a0 \u00a0 \u00a0 <strong>Exploring Space for Earth: Earth\u00b4s vital signs revealed<\/strong><\/li>\n<li>12 June 2019, 10:30-11:30, Askja room 132\u00a0 \u00a0 \u00a0 \u00a0 \u00a0 \u00a0 \u00a0 \u00a0 \u00a0 \u00a0 \u00a0 \u00a0 \u00a0 \u00a0 \u00a0 \u00a0 \u00a0 \u00a0 \u00a0 \u00a0 \u00a0 \u00a0 \u00a0 \u00a0 \u00a0 \u00a0 \u00a0 \u00a0 \u00a0 <strong>Georg Gartner\u00a0 \u00a0 \u00a0 \u00a0 \u00a0 \u00a0 \u00a0 \u00a0 \u00a0 \u00a0 \u00a0 \u00a0 \u00a0 \u00a0 \u00a0 \u00a0 \u00a0 \u00a0 \u00a0 \u00a0 \u00a0 \u00a0 \u00a0 \u00a0 \u00a0 \u00a0 \u00a0 \u00a0 \u00a0 \u00a0 \u00a0 \u00a0 \u00a0 \u00a0 \u00a0 \u00a0 \u00a0 \u00a0 \u00a0 \u00a0 \u00a0 \u00a0 \u00a0 \u00a0 \u00a0 \u00a0 &#8220;Without Maps are we spatially blind &#8220;<\/strong><\/li>\n<li>29 May 2019, 12:30-13:30, VR-II, room 148\u00a0 \u00a0 \u00a0 \u00a0 \u00a0 \u00a0 \u00a0 \u00a0 \u00a0 \u00a0 \u00a0 \u00a0 \u00a0 \u00a0 \u00a0 \u00a0 \u00a0 \u00a0 \u00a0 \u00a0 \u00a0 \u00a0 \u00a0 \u00a0 \u00a0 \u00a0 \u00a0 \u00a0 \u00a0 \u00a0 \u00a0 \u00a0 <strong>Start-Up meeting initiating the formation of a remote sensing center at SENS, UI\u00a0<\/strong><\/li>\n<li>24 May 2019, 13.00-16:30, Grand h\u00f3tel Reykjav\u00edk\u00a0 \u00a0 \u00a0 \u00a0 \u00a0 \u00a0 \u00a0 \u00a0 \u00a0 \u00a0 \u00a0 \u00a0 \u00a0 \u00a0 \u00a0 \u00a0 \u00a0 \u00a0 \u00a0 \u00a0 \u00a0 \u00a0 <a href=\"https:\/\/landupplysingar.is\/lisufrettir-april-mai-2019\/\"><strong>Vorr\u00e1\u00f0stefna L\u00cdSU 2019<\/strong><\/a><\/li>\n<li>21-24 May 2019, Foss Hotel, H\u00fasav\u00edk\u00a0 \u00a0 \u00a0 \u00a0 \u00a0 \u00a0 \u00a0 \u00a0 \u00a0 \u00a0 \u00a0 \u00a0 \u00a0 \u00a0 \u00a0 \u00a0 \u00a0 \u00a0 \u00a0 \u00a0 \u00a0 \u00a0 \u00a0 \u00a0 \u00a0<strong>NORTHQUAKE 2019:<a href=\"https:\/\/www.hac.is\/wp-content\/uploads\/2019\/05\/Northquake2019_Plan_8May-003.pdf\"> Earthquakes in North Iceland<\/a><\/strong><\/li>\n<li>17 May 2019, 12:30-13:30, Askja 357 GIS lab\u00a0 \u00a0 \u00a0 \u00a0 \u00a0 \u00a0 \u00a0 \u00a0 \u00a0 \u00a0 \u00a0 \u00a0 \u00a0 \u00a0 \u00a0 \u00a0 \u00a0 \u00a0 \u00a0 \u00a0 \u00a0 \u00a0 \u00a0 \u00a0 \u00a0 \u00a0 \u00a0 \u00a0 \u00a0 \u00a0 <strong>Start-Up meeting initiating the formation of a remote sensing center at SENS, UI<\/strong><\/li>\n<li>3rd November 2016, 9:00-17:00, Hotel L\u00e6kur, Rang\u00e1rvellir\u00a0 \u00a0 \u00a0 \u00a0 \u00a0 \u00a0 \u00a0 \u00a0 \u00a0 \u00a0 \u00a0 \u00a0 \u00a0 \u00a0 <strong>EMMIRS Mid-term\u00a0Workshop<\/strong><\/li>\n<li>16th November 2016, 14:00-16:00, Askja, 3rd floor Coffee room\u00a0 \u00a0 \u00a0 \u00a0 \u00a0 \u00a0 \u00a0 \u00a0 \u00a0 \u00a0 \u00a0 \u00a0 \u00a0 \u00a0 <strong>GIS day arranged by L\u00cdSA\u00a0<\/strong><\/li>\n<li>9th December 2015, 9:00, Askja GIS lab\u00a0 \u00a0 \u00a0 \u00a0 \u00a0 \u00a0 \u00a0 \u00a0 \u00a0 \u00a0 \u00a0 \u00a0 \u00a0 \u00a0 \u00a0 \u00a0 \u00a0 \u00a0 \u00a0 \u00a0 \u00a0 \u00a0 \u00a0 \u00a0 \u00a0 \u00a0 \u00a0 \u00a0 \u00a0 \u00a0 \u00a0 <strong>Lene Fischer from Copenhagen University \u00a0 \u00a0 \u00a0 \u00a0 \u00a0 \u00a0 \u00a0 \u00a0 \u00a0 \u00a0 \u00a0 \u00a0 \u00a0 \u00a0 \u00a0 \u00a0 \u00a0 \u00a0 \u00a0 \u00a0 \u00a0 \u00a0 \u00a0 \u00a0 &#8220;Open Source GIS&#8221;<\/strong><\/li>\n<li>2nd December 2015, 15:15, Naturufr\u00e6distofnan \u00a0 \u00a0 \u00a0 \u00a0 \u00a0 \u00a0 \u00a0 \u00a0 \u00a0 \u00a0 \u00a0 \u00a0 \u00a0 \u00a0 \u00a0 \u00a0 \u00a0 \u00a0 \u00a0 \u00a0 \u00a0 \u00a0 \u00a0 \u00a0 \u00a0 \u00a0 \u00a0<strong>Olga Kolbr\u00fan Vilmundard\u00f3ttir \u00a0 \u00a0 \u00a0 \u00a0 \u00a0 \u00a0 \u00a0 \u00a0 \u00a0 \u00a0 \u00a0 \u00a0 \u00a0 \u00a0 \u00a0 \u00a0 \u00a0 \u00a0 \u00a0 \u00a0 \u00a0 \u00a0 \u00a0 \u00a0 \u00a0 \u00a0 \u00a0 \u00a0 \u00a0 \u00a0&#8220;Revegetation of land&#8221;<\/strong><\/li>\n<li>30th November 2015, 17:15 Askja 132 \u00a0 \u00a0 \u00a0 \u00a0 \u00a0 \u00a0 \u00a0 \u00a0 \u00a0 \u00a0 \u00a0 \u00a0 \u00a0 \u00a0 \u00a0 \u00a0 \u00a0 \u00a0 \u00a0 \u00a0 \u00a0 \u00a0 \u00a0 \u00a0 \u00a0 \u00a0 \u00a0 \u00a0 \u00a0 \u00a0 \u00a0<strong>Fri\u00f0\u00fe\u00f3r S\u00f3fus Sigurmundsson, PhD student, HI \u00a0 \u00a0 \u00a0 \u00a0 \u00a0 \u00a0 \u00a0 \u00a0 \u00a0 \u00a0 \u00a0 \u00a0 \u00a0 \u00a0 \u00a0 \u00a0 \u00a0 \u00a0 \u00a0 \u00a0 \u00a0 \u00a0&#8220;Me\u00f0 eldfjall \u00ed bakgar\u00f0inum. Jar\u00f0vegsey\u00f0ing og bygg\u00f0a\u00fer\u00f3un \u00ed n\u00e6rsveitum Heklu&#8221;<\/strong><\/li>\n<li>18th November 2015 \u00a0 \u00a0 \u00a0 \u00a0 \u00a0 \u00a0 \u00a0 \u00a0 \u00a0 \u00a0 \u00a0 \u00a0 \u00a0 \u00a0 \u00a0 \u00a0 \u00a0 \u00a0 \u00a0 \u00a0 \u00a0 \u00a0 \u00a0 \u00a0 \u00a0 \u00a0 \u00a0 \u00a0 \u00a0 \u00a0 \u00a0 \u00a0 \u00a0 \u00a0 \u00a0 \u00a0 \u00a0 \u00a0 \u00a0 \u00a0 \u00a0 \u00a0 \u00a0 \u00a0 \u00a0 \u00a0 \u00a0 \u00a0<strong><a href=\"http:\/\/www.landupplysingar.is\/wp-content\/uploads\/2014\/12\/Dagskra-LUKkudagur-2015-3.pdf\" target=\"_blank\" rel=\"noopener noreferrer\">GIS-day<\/a><\/strong><\/li>\n<li>20 November 2015, Reykjav\u00edk, Iceland \u00a0 \u00a0 \u00a0 \u00a0 \u00a0 \u00a0 \u00a0 \u00a0 \u00a0 \u00a0 \u00a0 \u00a0 \u00a0 \u00a0 \u00a0 \u00a0 \u00a0 \u00a0 \u00a0 \u00a0 \u00a0 \u00a0 \u00a0 \u00a0 \u00a0 \u00a0 \u00a0 \u00a0<strong><a href=\"http:\/\/www.jfi.is\/2015\/10\/12\/haustradstefna-jardfraedafelags-islands-2015\/\" target=\"_blank\" rel=\"noopener noreferrer\">Haustr\u00e1\u00f0stefnu JF\u00cd<\/a><\/strong><\/li>\n<li>\u00a022 November 2014, Reykjav\u00edk, Iceland \u00a0 \u00a0 \u00a0 \u00a0 \u00a0 \u00a0 \u00a0 \u00a0 \u00a0 \u00a0 \u00a0 \u00a0 \u00a0 \u00a0 \u00a0 \u00a0 \u00a0 \u00a0 \u00a0 \u00a0 \u00a0 \u00a0 \u00a0 \u00a0 \u00a0 \u00a0 \u00a0 \u00a0 \u00a0<strong><a href=\"http:\/\/blokkin.createsend.com\/t\/ViewEmailArchive\/r\/CF3BAD37224CBDED2540EF23F30FEDED\/C67FD2F38AC4859C\/\">Haustr\u00e1\u00f0stefnu JF\u00cd<\/a><\/strong><\/li>\n<li>18th-20th November 2014,\u00a0Reykjav\u00edk, Iceland \u00a0 \u00a0 \u00a0 \u00a0 \u00a0 \u00a0 \u00a0 \u00a0 \u00a0 \u00a0 \u00a0 \u00a0 \u00a0 \u00a0 \u00a0 \u00a0 \u00a0 \u00a0 \u00a0 \u00a0 \u00a0 \u00a0 \u00a0 \u00a0 \u00a0 \u00a0 \u00a0 \u00a0 \u00a0<strong>Remote sensing of active vents and lava flows and its implication for monitoring of the ongoing Nornahraun eruption.<\/strong><\/li>\n<\/ul>\n<ul>\n<li>19th November 2014\u00a0 \u00a0 \u00a0 \u00a0 \u00a0 \u00a0 \u00a0 \u00a0 \u00a0 \u00a0 \u00a0 \u00a0 \u00a0 \u00a0 \u00a0 \u00a0 \u00a0 \u00a0 \u00a0 \u00a0 \u00a0 \u00a0 \u00a0 \u00a0 \u00a0 \u00a0 \u00a0 \u00a0 \u00a0 \u00a0 \u00a0 \u00a0 \u00a0 \u00a0 \u00a0 \u00a0 \u00a0 \u00a0 \u00a0 \u00a0 \u00a0 \u00a0 \u00a0 \u00a0 \u00a0 \u00a0 \u00a0 \u00a0 \u00a0 <strong><a href=\"http:\/\/www.landupplysingar.is\/index.php?lang=is\">GIS-day<\/a><\/strong><\/li>\n<li>18th-24th September\u00a02014, Reykjavik, Iceland \u00a0 \u00a0 \u00a0 \u00a0 \u00a0 \u00a0 \u00a0 \u00a0 \u00a0 \u00a0 \u00a0 \u00a0 \u00a0 \u00a0 \u00a0 \u00a0 \u00a0 \u00a0 \u00a0 \u00a0 \u00a0 \u00a0 \u00a0 \u00a0 \u00a0 \u00a0 \u00a0 \u00a0 \u00a0 \u00a0 \u00a0\u00a0<strong><a href=\"http:\/\/alaska.usgs.gov\/science\/geography\/conferences.html\" target=\"_blank\" rel=\"noopener noreferrer\">13th International Circumpolar Remote Sensing Symposium<\/a><\/strong><\/li>\n<li>9th- 11th October, Grand Hotel Reykjav\u00edk, Iceland\u00a0 \u00a0 \u00a0 \u00a0 \u00a0 \u00a0 \u00a0 \u00a0 \u00a0 \u00a0 \u00a0 \u00a0 \u00a0 \u00a0 \u00a0 \u00a0 \u00a0 \u00a0 \u00a0 \u00a0 \u00a0 \u00a0 \u00a0 <strong><a href=\"http:\/\/ginorden.org\/call-for-abstracts-to-conference-on-hazards-risks\" target=\"_blank\" rel=\"noopener noreferrer\">Annual LISA conference: Hazard, risks and voluntary GI<\/a><\/strong><\/li>\n<li>12th May\u00a0\u00a0from 12.20 -13.00 in the coffee room (3rd floor) in Askja\u00a0 \u00a0 \u00a0 \u00a0 \u00a0 \u00a0 \u00a0 \u00a0 \u00a0 \u00a0 \u00a0 <strong>Stef\u00e1n Gu\u00f0laugsson from Sams\u00fdn \u00a0 \u00a0 \u00a0 \u00a0 \u00a0 \u00a0 \u00a0 \u00a0 \u00a0 \u00a0 \u00a0 \u00a0 \u00a0 \u00a0 \u00a0 \u00a0 \u00a0 \u00a0 \u00a0 \u00a0 \u00a0 \u00a0 \u00a0 \u00a0 \u00a0 \u00a0 \u00a0 \u00a0 \u00a0 \u00a0 \u00a0 \u00a0 \u00a0 &#8220;3D imagery&#8221;<\/strong><\/li>\n<li>14th April from 12.20 -13.00 in the coffee room (3rd floor) in Askja\u00a0 \u00a0 \u00a0 \u00a0 \u00a0 \u00a0 \u00a0 \u00a0 \u00a0 \u00a0 \u00a0 \u00a0 \u00a0 \u00a0 <strong>Gro B. M. Pedersen from NORDVULK, HI \u00a0 \u00a0 \u00a0 \u00a0 \u00a0 \u00a0 \u00a0 \u00a0 \u00a0 \u00a0 \u00a0 \u00a0 \u00a0 \u00a0 \u00a0 \u00a0 \u00a0 \u00a0 \u00a0 \u00a0 <\/strong><strong style=\"color: #333333; font-style: normal;\">&#8220;Development of new morphometric mapping techniques for volcanic landforms based on remote sensing data&#8221;<\/strong><\/li>\n<li>22th-25th April at Grant Hotel, Reykjavik, Iceland\u00a0 \u00a0 \u00a0 \u00a0 \u00a0 \u00a0 \u00a0 \u00a0 \u00a0 \u00a0 \u00a0 \u00a0 \u00a0 \u00a0 \u00a0 \u00a0 \u00a0 \u00a0 \u00a0 \u00a0 \u00a0 \u00a0 \u00a0 \u00a0 \u00a0 \u00a0 <strong><a href=\"http:\/\/www.aistats.org\/index.php\" target=\"_blank\" rel=\"noopener noreferrer\">17th International Conference on Artificial Intelligence and Statistics<\/a><\/strong><\/li>\n<li>31st March from 12.20-13.00 in the coffee room (3rd floor) in Askja\u00a0 \u00a0 \u00a0 \u00a0 \u00a0 \u00a0 \u00a0 \u00a0 \u00a0 <strong>Gabriele Cavallaro from Electrical and Computer Engineering, HI\u00a0<\/strong><strong>&#8220;Morphological Attribute Filters: Applications in remote sensing using tree-based image representations&#8221;<\/strong><\/li>\n<li>7th of March 10-15 at Hvanneyri \u00a0 \u00a0 \u00a0 \u00a0 \u00a0 \u00a0 \u00a0 \u00a0 \u00a0 \u00a0 \u00a0 \u00a0 \u00a0 \u00a0 \u00a0 \u00a0 \u00a0 \u00a0 \u00a0 \u00a0 \u00a0 \u00a0 \u00a0 \u00a0 \u00a0 \u00a0 \u00a0 \u00a0 \u00a0 \u00a0 \u00a0 \u00a0 \u00a0 \u00a0 <strong><a href=\"http:\/\/www.skogur.is\/media\/2014\/Landsyn---dagskra.pdf\" target=\"_blank\" rel=\"noopener noreferrer\">Lands\u00fdn &#8211; v\u00edsinda\u00feing landb\u00fana\u00f0arins<\/a><\/strong><\/li>\n<li>17th March from 12.20 &#8211; 13.00\u00a0\u00a0in the coffee room (3rd floor) in Askja \u00a0 \u00a0 \u00a0 \u00a0 \u00a0 <strong>Emmanuel Pagneaux from IMO \u00a0 \u00a0 \u00a0 \u00a0 \u00a0 \u00a0 \u00a0 \u00a0 \u00a0 \u00a0 \u00a0 \u00a0 \u00a0 \u00a0 \u00a0 \u00a0 \u00a0 \u00a0 \u00a0 \u00a0 \u00a0 \u00a0 \u00a0 \u00a0 \u00a0 \u00a0 \u00a0 \u00a0 \u00a0 \u00a0 <\/strong><strong>&#8220;Hydraulic simulations of glacial outbursts due to eruptions of \u00d6r\u00e6faj\u00f6kull volcano&#8221; \u00a0 \u00a0 \u00a0 \u00a0 \u00a0 \u00a0 \u00a0 \u00a0 \u00a0 \u00a0 \u00a0 \u00a0 \u00a0 \u00a0 \u00a0 \u00a0 \u00a0 \u00a0 \u00a0 \u00a0 \u00a0 \u00a0 \u00a0 \u00a0 \u00a0 \u00a0 \u00a0 \u00a0 \u00a0<\/strong><\/li>\n<li>25th February 9-17 at Hafranns\u00f3knastofnunar \u00a0 \u00a0 \u00a0 \u00a0 \u00a0 \u00a0 \u00a0 \u00a0 \u00a0 \u00a0 \u00a0 \u00a0 \u00a0 \u00a0 \u00a0 \u00a0 \u00a0 \u00a0 \u00a0 \u00a0 \u00a0 \u00a0 \u00a0 <a href=\"http:\/\/www.hafro.is\/rad-hafsbotn14\/undirsida1.html\" target=\"_blank\" rel=\"noopener noreferrer\"><strong>\u00a0Hafsbotn og l\u00edfr\u00edki hans \/\u00a0<\/strong><strong>The sea bed and its ecosystem<\/strong><\/a><\/li>\n<\/ul>\n<ul>\n<li>10th December from 12.00-14.00 at Grand Hotel<br \/>\n<strong><a href=\"https:\/\/crs.hi.is\/wp-content\/uploads\/gjaldfrjals_gogn.pdf\" target=\"_blank\" rel=\"noopener noreferrer\">A\u00f0gengi a\u00f0 opinberum landuppl\u00fdsingum. Sta\u00f0an og hvert stefnir\u00a0<\/a><\/strong><\/li>\n<li>2nd December 2013\u00a0from 12.20-13.00\u00a0in the coffee room (3rd floor) in Askja<br \/>\n<strong>Joaquin Munoz-Cobo Belart from H\u00e1skola \u00cdslands<br \/>\n&#8220;Digital elevation models and orthophotographs of Drangj\u00f6kull ice cap deduced from historical aerial photographs&#8221;<\/strong><\/li>\n<li>27th November 2013 from\u00a013:00-17:00 in HT300, H\u00e1sk\u00f3la \u00cdslands<br \/>\n<strong><a href=\"http:\/\/www.landupplysingar.is\/images\/FRAMHALDS_namskeid-QGIS-2_4utg.pdf\" target=\"_blank\" rel=\"noopener noreferrer\">Advanced QGIS course with L\u00edsa (in Iceland)<\/a><\/strong><\/li>\n<li>18th November 2013 from 12.20-13.00\u00a0in the coffee room (3rd floor) in Askja<br \/>\n<strong>Bj\u00f6rn Traustason from the Icelandic forestry service<br \/>\n&#8220;Distribution of forest in Iceland<\/strong><\/li>\n<li>1 November 2013, from 9.00-11.00\u00a0in the coffee room (3rd floor) in Askja<br \/>\n<strong>Visit from the National Land Survey of Iceland<\/strong><\/li>\n<li>17-24 August 2013, Kr\u00edunes<br \/>\n<strong><a href=\"https:\/\/crs.hi.is\/wp-content\/uploads\/New_SummerSchoolAd2013_small.pdf\">NORDVULK summerschool: Remote sensing techniques in a dynamical setting\u00a0<\/a><\/strong><\/li>\n<li>26-30 August 2013, University of Iceland, Reykjav\u00edk<strong><br \/>\n<a href=\"http:\/\/earthice.hi.is\/conferences_and_workshops\" target=\"_blank\" rel=\"noopener noreferrer\">SVALI workshop on Subglacial Hydrology<\/a><\/strong><\/li>\n<li>11-14\u00a0June 2013<br \/>\n<strong><a href=\"http:\/\/conference.hi.is\/ngm2013\/\" target=\"_blank\" rel=\"noopener noreferrer\">5th Nordic Geographers \u00a0Meeting<\/a><\/strong><\/li>\n<li>16-20 June 2013<br \/>\n<a href=\"http:\/\/www.science.ku.dk\/northscape\/results\/\" target=\"_blank\" rel=\"noopener noreferrer\">Northscape<\/a><strong>\u00a0Summer school in vegetation mapping\u00a0<\/strong><\/li>\n<li>20-21 June 2013\u00a0(Note: deadline for applications: 15 April 2013 )<br \/>\n<strong><a href=\"http:\/\/en.vedur.is\/lidar\/lidar-2013\" target=\"_blank\" rel=\"noopener noreferrer\">LIDAR workshop<\/a>: LIDAR measurements of the cryosphere, Reykholt.<\/strong><\/li>\n<li>23 April 2013 from 15.00<br \/>\n<strong>Visit at Sams\u00fdn\u00a0<\/strong><\/li>\n<li>22 April 2013 from 10.00-14.00\u00a0in the coffee room (3rd floor) in Askja:<br \/>\n<strong><a href=\"https:\/\/crs.hi.is\/wp-content\/uploads\/advertisement_16.04.2013.pdf\">Half day seminar: Mapping and Classification. Challenges and opportunities<\/a><\/strong><\/li>\n<li>18 April 2013<br \/>\n<strong><a href=\"http:\/\/www.samsyn.is\/media\/PDF\/ArcIS_2013_drog.pdf\" target=\"_blank\" rel=\"noopener noreferrer\">ArcGIS conference, Grand Hotel, Reykjav\u00edk<\/a><\/strong><\/li>\n<li>10 April 2013, 13:00-16:00,\u00a0National Museum of Iceland, Su\u00f0urg\u00f6tu 41 \u00a0 \u00a0 \u00a0 \u00a0 \u00a0 \u00a0 \u00a0 \u00a0<strong><a href=\"https:\/\/www.mathworks.se\/company\/events\/seminars\/seminar75652.html\" target=\"_blank\" rel=\"noopener noreferrer\">Free MATLAB seminar delivered by MathWorks<\/a><\/strong><\/li>\n<li>22 March,\u00a0\u00d6skju, N\u00e1tt\u00farufr\u00e6\u00f0ih\u00fasi H\u00e1sk\u00f3la \u00cdslands \u00a0 \u00a0 \u00a0 \u00a0 \u00a0 \u00a0 \u00a0 \u00a0 \u00a0 \u00a0 \u00a0 \u00a0 \u00a0 \u00a0 \u00a0 \u00a0 \u00a0<strong><a href=\"http:\/\/www.jfi.is\/2013\/03\/06\/vorradstefna-jardfraedafelags-islands-22-mars-2013\/\" target=\"_blank\" rel=\"noopener noreferrer\">Vorr\u00e1\u00f0stefna Jar\u00f0fr\u00e6\u00f0af\u00e9lags \u00cdslands<\/a><\/strong><\/li>\n<li>14th of March 2013\u00a0at 12.00 in the coffee room (3rd floor) in Askja \u00a0 \u00a0 \u00a0 \u00a0 \u00a0 \u00a0 <strong>Gu\u00f0mundur Gu\u00f0j\u00f3nsson &amp; Rannveig Thoroddsen\u00a0from t<strong>he Icelandic institute of Natural History\u00a0<\/strong><\/strong><strong>&#8220;Vegetation mapping in Iceland&#8221;<\/strong><\/li>\n<li>8 March \u00a02013,\u00a0\u00a0Landb\u00fana\u00f0arh\u00e1sk\u00f3la \u00cdslands \u00e1 Hvanneyri \u00a0 \u00a0 \u00a0 \u00a0 \u00a0 \u00a0 \u00a0 \u00a0 \u00a0 \u00a0 \u00a0 \u00a0 \u00a0 \u00a0 \u00a0<a href=\"http:\/\/www.skrina.is\/pages\/2483\" target=\"_blank\" rel=\"noopener noreferrer\">LANDS\u00ddN \u2014 v\u00edsinda\u00feing landb\u00fana\u00f0arins<\/a><\/li>\n<li>11 March, Askja N-132 at 14.00<br \/>\n<strong><a href=\"http:\/\/raunvis.hi.is\/~astahj\/PhD_thesis_ARH.pdf\" target=\"_blank\" rel=\"noopener noreferrer\">\u00c1sta Rut Hjartard\u00f3ttir PhD thesis: \u201eFissure swarms of the Northern Volcanic Rift Zone, Iceland\u201c<\/a><\/strong><\/li>\n<li>28th of February 2013 at 12.00 in the coffee room (3rd floor) in Askja<br \/>\n<strong>Stef\u00e1n Gu\u00f0laugson from Sams\u00fdn<br \/>\n&#8220;What is new in ArcGIS 10.1&#8221;<\/strong><\/li>\n<li>7th of February 2013 at 12.00 in the coffee room (3rd floor) in Askja:<br \/>\n<strong>J\u00f3hann Helgasson from Landm\u00e6lingar Islands<br \/>\n&#8220;Elevation models and availability of data from LMI&#8221;<\/strong><\/li>\n<li>24th of January 2013 at 12.00 in the coffee room (3rd floor) in Askja:<br \/>\n<strong>Sigmar Met\u00fasalemsson from t<strong>he Icelandic institute of Natural History<br \/>\n&#8220;Mapping habitats in Iceland&#8221;<\/strong><\/strong><\/li>\n<li>10th of January 2013\u00a0at 12.00 in the coffee room (3rd floor) in Askja:<br \/>\n<strong>Karl Arnar Arnarson from Loftmyndir Ehf:<br \/>\n<\/strong><strong><a href=\"http:\/\/3w.loftmyndir.is\/index.php?option=com_content&amp;task=view&amp;id=177&amp;Itemid=123\" target=\"_blank\" rel=\"noopener noreferrer\">&#8220;The new TK-50 database and DEM&#8221;<\/a><\/strong><\/li>\n<li>20th of November 2012 at 11.00 in the coffee room (3rd floor) in Askja:\u00a0 \u00a0 \u00a0 \u00a0 \u00a0 \u00a0 \u00a0 \u00a0 <strong><strong>Eyd\u00eds L\u00edndar<\/strong><\/strong><strong><strong>\u00a0Finnbogad\u00f3ttir\u00a0from Landm\u00e6lingar Islands:<br \/>\n<\/strong><\/strong><strong><strong>&#8220;National Spatial Data Infrastructure- what is that ?<\/strong><\/strong><\/li>\n<\/ul>\n","protected":false},"excerpt":{"rendered":"<p>Relevant events in Iceland:\u00a0\u00a0 \u00a0 \u00a0 \u00a0 \u00a0\u00a0\u00a0\u00a0\u00a0 &nbsp; Relevant events arranged outside Iceland\u00a0 &nbsp; Past events in Iceland: 21 March, 2024: 12:30-13:00, Hybrid (Askja 367 and online)\u00a0 \u00a0 \u00a0 \u00a0 \u00a0 \u00a0 \u00a0 \u00a0 \u00a0 \u00a0 \u00a0 \u00a0 \u00a0 &hellip; <a href=\"https:\/\/crs.hi.is\/?page_id=295\">Continue reading <span class=\"meta-nav\">&rarr;<\/span><\/a><\/p>\n","protected":false},"author":3,"featured_media":0,"parent":0,"menu_order":6,"comment_status":"closed","ping_status":"closed","template":"","meta":{"footnotes":""},"_links":{"self":[{"href":"https:\/\/crs.hi.is\/index.php?rest_route=\/wp\/v2\/pages\/295"}],"collection":[{"href":"https:\/\/crs.hi.is\/index.php?rest_route=\/wp\/v2\/pages"}],"about":[{"href":"https:\/\/crs.hi.is\/index.php?rest_route=\/wp\/v2\/types\/page"}],"author":[{"embeddable":true,"href":"https:\/\/crs.hi.is\/index.php?rest_route=\/wp\/v2\/users\/3"}],"replies":[{"embeddable":true,"href":"https:\/\/crs.hi.is\/index.php?rest_route=%2Fwp%2Fv2%2Fcomments&post=295"}],"version-history":[{"count":395,"href":"https:\/\/crs.hi.is\/index.php?rest_route=\/wp\/v2\/pages\/295\/revisions"}],"predecessor-version":[{"id":2323,"href":"https:\/\/crs.hi.is\/index.php?rest_route=\/wp\/v2\/pages\/295\/revisions\/2323"}],"wp:attachment":[{"href":"https:\/\/crs.hi.is\/index.php?rest_route=%2Fwp%2Fv2%2Fmedia&parent=295"}],"curies":[{"name":"wp","href":"https:\/\/api.w.org\/{rel}","templated":true}]}}